{"id":6,"date":"2024-04-20T10:34:17","date_gmt":"2024-04-20T10:34:17","guid":{"rendered":"https:\/\/dev.poserhoehe.at\/?page_id=6"},"modified":"2026-04-10T14:08:29","modified_gmt":"2026-04-10T14:08:29","slug":"one-page-express","status":"publish","type":"page","link":"https:\/\/www.poserhoehe.at\/","title":{"rendered":"Front Page"},"content":{"rendered":"<div  id=\"opener\" style=\"background-color: #f6f6f6;\" data-label=\"Opener\" data-id=\"about-big-images-section\" data-category=\"about\" class=\"about-big-images-section\"> <div  class=\"gridContainer\"> <div  class=\"about-big-images-textrow\"> <div  class=\"about-big-images-textcol dynamic-color\" data-type=\"column\">  <img  decoding=\"async\" class=\"custom-image\" src=\"https:\/\/www.poserhoehe.at\/wp-content\/uploads\/poserhoehe_logo_cropped.png\" alt=\"\"><h3  class=\"\">In Anbetracht der Berge sind wir doch alle&nbsp; <span  href=\"#\" class=\"span25\">Zwerge<\/span><\/h3>   <\/div> <\/div> <\/div> <div  class=\"about-big-images-bottomrow\"> <div  class=\"about-big-images-leftimgcol\"><img  decoding=\"async\" class=\"about-big-images-leftimg\" src=\"https:\/\/www.poserhoehe.at\/wp-content\/uploads\/23-04-21-17-46-18-3828-scaled.jpg\" alt=\"\"> <\/div> <div  class=\"about-big-images-centerimgcol\"><img  decoding=\"async\" class=\"about-big-images-centerimg\" src=\"https:\/\/www.poserhoehe.at\/wp-content\/uploads\/23-04-20-12-44-53-3808-scaled.jpg\" alt=\"\"> <\/div> <div  class=\"about-big-images-rightimgcol\"><img  decoding=\"async\" class=\"about-big-images-rightimg\" src=\"https:\/\/www.poserhoehe.at\/wp-content\/uploads\/24-04-19-16-57-43-8546-scaled.jpg\" alt=\"\"> <\/div> <\/div> <\/div><div  id=\"insert\" style=\"background-color: #ffffff;\" data-label=\"Insert\" data-id=\"content-image-left\" data-category=\"content\" class=\"content-left-image-section\"> <div  class=\"gridContainer\"> <div  class=\"row\"> <div  class=\"content-left-image-imgcol\" data-type=\"column\"> <img  decoding=\"async\" src=\"https:\/\/www.poserhoehe.at\/wp-content\/uploads\/23-04-21-17-48-01-3831-scaled.jpg\" class=\"\" alt=\"\"> <\/div> <div  class=\"content-left-image-textcol dynamic-color\" data-type=\"column\"> <h2  class=\"\">Auf 1.502 Metern<\/h2> <p  class=\"large_text\">ist die Luft frisch, das Wasser klar und das Leben sch\u00f6n!<\/p>  <\/div> <\/div> <\/div> <\/div><div  id=\"oeffnungszeiten\" style=\"background-color: #f6f6f6;\" data-label=\"Oeffnungszeiten\" data-id=\"content-image-right\" data-category=\"content\" class=\"content-right-image-section\"> <div  class=\"gridContainer\"> <div  class=\"content-right-image-gridcol\"> <div  class=\"content-right-image-textcol dynamic-color\" data-type=\"column\"> <h2  class=\"\">\u00d6ffnungszeiten <\/h2> <p  class=\"large_text\">Montag: Geschlossen<br >Dienstag: Geschlossen<br >Mittwoch: Geschlossen<br >Donnerstag: Geschlossen<br >Freitag: 08:00 \u2013 19:00 Uhr<br >Samstag: 08:00 \u2013 19:00 Uhr<br >Sonntag: 08:00 \u2013 19:00 Uhr<\/p>  <\/div> <div  class=\"content-right-image-imgcol\" data-type=\"column\"> <img  decoding=\"async\" src=\"https:\/\/www.poserhoehe.at\/wp-content\/uploads\/23-04-23-16-29-14-3908-scaled.jpg\" class=\"\" alt=\"\"> <\/div> <\/div> <\/div> <\/div><div  data-label=\"Kulinarik\" data-id=\"features-image-cards-section\" data-category=\"features\" class=\"features-image-cards-section\" style=\"background-color: rgb(255, 255, 255);\" id=\"kulinarik\"> <div  class=\"gridContainer\"> <div  class=\"features-image-cards-textrow\"> <div  class=\"features-image-cards-textcol dynamic-color\" data-type=\"column\"> <h2  class=\"\">Kulinarik auf 1.502 Metern Seeh\u00f6he<\/h2> <p  class=\"\">Entdecken Sie kulinarische H\u00f6henfl\u00fcge auf dem Berg! Auf unserer urigen Poserh\u00f6he erwartet Sie eine einzigartige Gaumenreise mit regionalen Spezialit\u00e4ten und traditionellen Gerichten, die Ihren Aufenthalt in den Bergen unvergesslich machen. Tauchen Sie ein in die Aromen der Natur, genie\u00dfen Sie den einzigartigen Blick \u00fcber Bad Gastein und lassen Sie sich von unserer K\u00fcche verw\u00f6hnen!<br ><br >Warme Speisen servieren wir gerne von 11:00 bis 14:00 Uhr.<\/p> <\/div> <\/div> <div  class=\"features-image-cards-innerrow flexbox-list dark-text\" data-type=\"row\"> <div  class=\"features-image-cards-cardcol cp4cols cp6cols-tablet\"> <div  class=\"features-image-cards-cardrow\"><img  decoding=\"async\" class=\"features-image-cards-featimg\" src=\"https:\/\/www.poserhoehe.at\/wp-content\/uploads\/23-04-29-13-46-21-4053-scaled.jpg\" alt=\"\"> <div  class=\"features-image-cards-cardtextrow\" data-type=\"column\"> <h4  class=\"\">Herzhaftes f\u00fcr Leib und Seele<\/h4> <p  class=\"\">Erleben Sie die Leidenschaft in jedem Bissen! Auf der Poserh\u00f6he zaubern wir mit Hingabe k\u00f6stliche Gerichte, die Ihre Sinne verf\u00fchren und Ihr Herz erw\u00e4rmen. Erleben Sie die Leidenschaft in jedem Bissen!<\/p>  <\/div> <\/div> <\/div> <div  class=\"features-image-cards-cardcol cp4cols cp6cols-tablet\"> <div  class=\"features-image-cards-cardrow\"><img  decoding=\"async\" class=\"features-image-cards-featimg\" src=\"https:\/\/www.poserhoehe.at\/wp-content\/uploads\/23-04-20-19-03-03-3809-scaled.jpg\" alt=\"\"> <div  class=\"features-image-cards-cardtextrow\" data-type=\"column\"> <h4  class=\"\">S\u00fc\u00dfe Belohnung<\/h4> <p  class=\"\">Nach einer anstrengenden Wanderung auf dem Berg gibt es nichts Besseres als eine k\u00f6stliche Mahlzeit bei uns! Genie\u00dfen Sie die Ruhe und Erholung in unserer rustikalen H\u00fctte und tanken Sie neue Energie f\u00fcr neue Abenteuer.<\/p>  <\/div> <\/div> <\/div> <div  class=\"features-image-cards-cardcol cp4cols cp6cols-tablet\"> <div  class=\"features-image-cards-cardrow\"><img  decoding=\"async\" class=\"features-image-cards-featimg\" src=\"https:\/\/www.poserhoehe.at\/wp-content\/uploads\/23-04-29-18-56-20-4066-scaled.jpg\" alt=\"\"> <div  class=\"features-image-cards-cardtextrow\" data-type=\"column\"> <h4  class=\"\">Entspannte Momente<\/h4> <p  class=\"\">Lassen Sie sich von der Sonne verw\u00f6hnen und genie\u00dfen Sie gute Laune mit erfrischenden Getr\u00e4nken in unserer charmanten Au\u00dfenterrasse mit ph\u00e4nomenalem Blick \u00fcber Bad Gastein!<\/p>  <\/div> <\/div> <\/div> <\/div> <\/div><\/div><div  data-label=\"Zirbenhuette\" data-id=\"features-square-image-section\" data-category=\"features\" class=\"features-square-image-section\" id=\"zirbenhuette-1\" style=\"background-color: rgb(255, 255, 255);\"> <div  class=\"gridContainer dynamic-color\"> <div  class=\"features-square-image-textrow\"> <div  class=\"features-square-image-textcol\" data-type=\"column\"> <h2  class=\"\">Urlaub in der Zirbenh\u00fctte \u2013 Ihre private Bergh\u00fctte auf 1.500 Metern<\/h2> <p  class=\"\">Erleben Sie unvergessliche Tage inmitten der Alpen: Unsere liebevoll eingerichtete Zirbenh\u00fctte liegt idyllisch auf 1.500 Metern Seeh\u00f6he \u2013 weit weg vom Trubel des Alltags und in zauberhafter Landschaft. Hier genie\u00dfen Sie die Ruhe der Natur, die klare Bergluft und den herrlichen Ausblick auf die umliegende Bergwelt.<\/p> <h4  class=\"\">Weitere Infos auf:<\/h4><a  href=\"https:\/\/zirbenhuette.poserhoehe.at\" class=\"\" target=\"_blank\">https:\/\/zirbenhuette.poserhoehe.at<\/a><\/div> <\/div> <div  class=\"features-square-image-innerrow\" data-type=\"row\"> <div  class=\"features-square-image-featcol cp4cols cp6cols-tablet\"><img  decoding=\"async\" class=\"features-square-image-featimg\" src=\"https:\/\/www.poserhoehe.at\/wp-content\/uploads\/25-07-04-11-02-36-73c4.jpg\" alt=\"\"> <h4  class=\"\">Ihre Auszeit in den Bergen<\/h4> <p  class=\"\">Die aus heimischem Zirbenholz gebaute H\u00fctte verspr\u00fcht authentischen Almh\u00fctten-Charme und bietet gleichzeitig gem\u00fctlichen Komfort. Eine kleine K\u00fcche mit Holzofen, ein gem\u00fctlicher Schlafraum und eine Sonnenterrasse mit Panoramablick laden zum Verweilen ein.<\/p>  <\/div> <div  class=\"features-square-image-featcol cp4cols cp6cols-tablet\"><img  decoding=\"async\" class=\"features-square-image-featimg\" src=\"https:\/\/www.poserhoehe.at\/wp-content\/uploads\/25-07-04-11-02-37-a656.jpg\" alt=\"\"> <h4  class=\"\">Kulinarik am Berg \u2013 wenn Sie m\u00f6chten<\/h4> <p  class=\"\">Wem der Sinn nach regionalen K\u00f6stlichkeiten steht, der wird im direkt benachbarten Alpengasthof Poserh\u00f6he herzlich willkommen gehei\u00dfen. Dort k\u00f6nnen Sie auf Wunsch fr\u00fchst\u00fccken, zu Mittag essen oder ein z\u00fcnftiges Abendessen genie\u00dfen \u2013 ganz wie es Ihnen beliebt.<\/p> <\/div> <div  class=\"features-square-image-featcol cp4cols cp6cols-tablet\"><img  decoding=\"async\" class=\"features-square-image-featimg\" src=\"https:\/\/www.poserhoehe.at\/wp-content\/uploads\/25-07-04-11-02-36-00cd.jpg\" alt=\"\"> <h4  class=\"\">Ein Ort zum Abschalten und Auftanken<\/h4> <p  class=\"\">Die Zirbenh\u00fctte ist der ideale Ausgangspunkt f\u00fcr Wanderungen oder einfach nur zum Seele-baumeln-Lassen. Keine Termine, kein L\u00e4rm \u2013 nur Sie, die Natur und das beruhigende Knacken des Holzofens.<\/p> <\/div> <div  class=\"features-square-image-featcol cp4cols cp6cols-tablet\"><img  decoding=\"async\" class=\"features-square-image-featimg\" src=\"https:\/\/www.poserhoehe.at\/wp-content\/uploads\/25-07-04-11-02-37-8ed3.jpg\" alt=\"\">    <img  decoding=\"async\" class=\"custom-image\" src=\"https:\/\/www.poserhoehe.at\/wp-content\/uploads\/25-07-04-11-02-36-5ccf.jpg\" alt=\"\"><\/div><div  class=\"features-square-image-featcol cp4cols cp6cols-tablet\"><img  decoding=\"async\" class=\"features-square-image-featimg\" src=\"https:\/\/www.poserhoehe.at\/wp-content\/uploads\/25-07-04-11-02-36-ec15.jpg\" alt=\"\">    <img  decoding=\"async\" class=\"custom-image\" src=\"https:\/\/www.poserhoehe.at\/wp-content\/uploads\/25-07-04-11-02-36-7643.jpg\" alt=\"\"><\/div><div  class=\"features-square-image-featcol cp4cols cp6cols-tablet\"><img  decoding=\"async\" class=\"features-square-image-featimg\" src=\"https:\/\/www.poserhoehe.at\/wp-content\/uploads\/25-07-04-11-02-37-85ae.jpg\" alt=\"\">    <img  decoding=\"async\" class=\"custom-image\" src=\"https:\/\/www.poserhoehe.at\/wp-content\/uploads\/25-07-04-11-02-37-7b9c.jpg\" alt=\"\"><\/div><\/div> <\/div><\/div><div  id=\"cta-1\" data-label=\"Call to action\" data-id=\"cta-blue-section\" data-category=\"cta\" class=\"cta-blue-section\"> <div  class=\"gridContainer\"> <div  class=\"flexbox-list flexbox-list-align-center row\"> <div  class=\"cta-blue-textcol dynamic-color\"> <h2  class=\"cta-blue-text\"> <b  class=\"element2\"> \u00dcbernachten im Lager?<\/b> Sehr gerne! <\/h2> <\/div> <div  class=\"cta-blue-btncol\"> <a  class=\"button big yellow dark-text\" href=\"#kontakt\" target=\"_self\" rel=\"noopener\"> JETZT ANFRAGEN <\/a> <\/div> <\/div> <\/div> <\/div><div  data-label=\"Laerchenhuette\" data-id=\"content-full-left-image-section\" data-category=\"content\" class=\"content-full-left-image-section\" id=\"laerchenhuette\" style=\"background-color: rgb(255, 255, 255);\"> <div  class=\"content-full-left-image-innerrow gridContainer\"> <div  data-bg=\"image\" class=\"content-full-left-image-imgcol\" style=\"background-image: url(&quot;https:\/\/www.poserhoehe.at\/wp-content\/uploads\/23-04-29-14-58-45-4063-scaled.jpg&quot;);\"><\/div> <div  class=\"content-full-left-image-textcol dynamic-color\"> <div  data-type=\"column\" class=\"\"> <h5  class=\"\">\u00dcBERNACHTUNG AUF DER<\/h5> <h2  class=\"\">L\u00e4rchenh\u00fctte<\/h2> <p  class=\"\">N\u00e4chtigen auf 1.502 m Seeh\u00f6he im gepflegten Lager mit traumhafter Aussicht und H\u00fcttenzauber. Mit 17 Betten steht gen\u00fcgend Platz auch f\u00fcr gr\u00f6\u00dfere Wander-Gruppen zur Verf\u00fcgung!<\/p> <\/div> <div  class=\"content-full-left-image-featuresrow\"> <div  class=\"content-full-left-image-featurescol\" data-type=\"column\"><img  decoding=\"async\" class=\"custom-image\" src=\"https:\/\/www.poserhoehe.at\/wp-content\/uploads\/23-04-29-14-54-54-4056-scaled.jpg\" alt=\"\">     <img  decoding=\"async\" class=\"custom-image\" src=\"https:\/\/www.poserhoehe.at\/wp-content\/uploads\/cropped-23-04-29-14-55-54-4058-scaled-1.jpg\" alt=\"\"><img  decoding=\"async\" class=\"custom-image\" src=\"https:\/\/www.poserhoehe.at\/wp-content\/uploads\/23-04-29-14-58-30-4062-scaled.jpg\" alt=\"\"><\/div> <div  class=\"content-full-left-image-featurescol\" data-type=\"column\"><img  decoding=\"async\" class=\"custom-image\" src=\"https:\/\/www.poserhoehe.at\/wp-content\/uploads\/cropped-23-04-29-14-56-10-4059-scaled-1.jpg\" alt=\"\">     <img  decoding=\"async\" class=\"custom-image\" src=\"https:\/\/www.poserhoehe.at\/wp-content\/uploads\/cropped-23-04-29-14-57-15-4061-scaled-1.jpg\" alt=\"\"><img  decoding=\"async\" class=\"custom-image\" src=\"https:\/\/www.poserhoehe.at\/wp-content\/uploads\/23-04-29-14-55-12-4057-scaled.jpg\" alt=\"\"><\/div> <\/div> <\/div> <\/div><\/div><div  id=\"numbers\" data-label=\"Numbers\" data-id=\"numbers-section\" data-category=\"numbers\" data-bg=\"transparent\" class=\"numbers-section\" data-parallax-depth=\"20\" style=\"background-image: url(&quot;https:\/\/www.poserhoehe.at\/wp-content\/uploads\/cropped-23-04-29-13-09-11-4069-scaled-1.jpg&quot;); background-size: auto 357px; background-repeat: no-repeat; background-position: center top 79.377287%;\"> <div  class=\"gridContainer dynamic-color\"> <div  class=\"numbers-itemcol\"> <h2  class=\"numbers-numbertext\">1.502 m<\/h2> <h3  class=\"numbers-titletext\">Seeh\u00f6he<\/h3> <\/div> <div  class=\"numbers-itemcol\"> <h2  class=\"numbers-numbertext\">17<\/h2> <h3  class=\"numbers-titletext\">Lager-Betten<\/h3> <\/div> <div  class=\"numbers-itemcol-last\"> <h2  class=\"numbers-numbertext\">100.000<\/h2> <h3  class=\"numbers-titletext\">Geschichten<\/h3> <\/div> <\/div><\/div><div  id=\"kontakt\" data-label=\"Kontakt\" data-id=\"contact-section\" data-category=\"contact\" data-bg=\"transparent\" class=\"contact-section-formsection white-text\" style=\"background-image: url(&quot;https:\/\/www.poserhoehe.at\/wp-content\/uploads\/cropped-23-04-29-13-09-11-4069-scaled-1.jpg&quot;); background-size: auto 998.6875px; background-repeat: no-repeat; background-position: center top 80.032549%;\"> <div  class=\"gridContainer\"> <div  class=\"row_224\"> <div  class=\"contact-textrow\"> <div  class=\"contact-textcol dynamic-color\"> <h2  class=\"\">Wir freuen uns auf Euch!<\/h2> <p  class=\"white_text\">Bei Fragen zur \u00d6ffnungszeit oder zur N\u00e4chtigung im Lager wendet euch am besten telefonisch an uns, alternativ nat\u00fcrlich auch gerne \u00fcber das Kontaktformular:<\/p> <\/div> <\/div> <\/div> <div  class=\"contact-formcol\" data-content-shortcode=\"one_page_express_contact_form shortcode=&quot;contact-form-7 id=&amp;amp;quot;681628b&amp;amp;quot; title=&amp;amp;quot;Kontaktformular 1&amp;amp;quot;&quot;\" data-editable=\"true\">\n<div class=\"wpcf7 no-js\" id=\"wpcf7-f8-o1\" lang=\"de-DE\" dir=\"ltr\" data-wpcf7-id=\"8\">\n<div class=\"screen-reader-response\"><p role=\"status\" aria-live=\"polite\" aria-atomic=\"true\"><\/p> <ul><\/ul><\/div>\n<form action=\"\/index.php?rest_route=%2Fwp%2Fv2%2Fpages%2F6#wpcf7-f8-o1\" method=\"post\" class=\"wpcf7-form init\" aria-label=\"Kontaktformular\" novalidate=\"novalidate\" data-status=\"init\">\n<fieldset class=\"hidden-fields-container\"><input type=\"hidden\" name=\"_wpcf7\" value=\"8\" \/><input type=\"hidden\" name=\"_wpcf7_version\" value=\"6.1.5\" \/><input type=\"hidden\" name=\"_wpcf7_locale\" value=\"de_DE\" \/><input type=\"hidden\" name=\"_wpcf7_unit_tag\" value=\"wpcf7-f8-o1\" \/><input type=\"hidden\" name=\"_wpcf7_container_post\" value=\"0\" \/><input type=\"hidden\" name=\"_wpcf7_posted_data_hash\" value=\"\" \/><input type=\"hidden\" name=\"_wpcf7_recaptcha_response\" value=\"\" \/>\n<\/fieldset>\n<p><label> Dein Name<br \/>\n<span class=\"wpcf7-form-control-wrap\" data-name=\"your-name\"><input size=\"40\" maxlength=\"400\" class=\"wpcf7-form-control wpcf7-text wpcf7-validates-as-required\" autocomplete=\"name\" aria-required=\"true\" aria-invalid=\"false\" value=\"\" type=\"text\" name=\"your-name\" \/><\/span> <\/label>\n<\/p>\n<p><label> Deine E-Mail-Adresse<br \/>\n<span class=\"wpcf7-form-control-wrap\" data-name=\"your-email\"><input size=\"40\" maxlength=\"400\" class=\"wpcf7-form-control wpcf7-email wpcf7-validates-as-required wpcf7-text wpcf7-validates-as-email\" autocomplete=\"email\" aria-required=\"true\" aria-invalid=\"false\" value=\"\" type=\"email\" name=\"your-email\" \/><\/span> <\/label>\n<\/p>\n<p><label> Betreff<br \/>\n<span class=\"wpcf7-form-control-wrap\" data-name=\"your-subject\"><input size=\"40\" maxlength=\"400\" class=\"wpcf7-form-control wpcf7-text wpcf7-validates-as-required\" aria-required=\"true\" aria-invalid=\"false\" value=\"\" type=\"text\" name=\"your-subject\" \/><\/span> <\/label>\n<\/p>\n<p><label> Deine Nachricht (optional)<br \/>\n<span class=\"wpcf7-form-control-wrap\" data-name=\"your-message\"><textarea cols=\"40\" rows=\"10\" maxlength=\"2000\" class=\"wpcf7-form-control wpcf7-textarea\" aria-invalid=\"false\" name=\"your-message\"><\/textarea><\/span> <\/label>\n<\/p>\n<p><input class=\"wpcf7-form-control wpcf7-submit has-spinner\" type=\"submit\" value=\"Senden\" \/>\n<\/p><div class=\"wpcf7-response-output\" aria-hidden=\"true\"><\/div>\n<\/form>\n<\/div>\n<\/div> <\/div><\/div><div  data-label=\"Impressum\" data-id=\"features-small-icon-cards-section\" data-category=\"features\" class=\"features-small-icon-cards-section\" id=\"impressum\" style=\"background-color: rgb(246, 246, 246);\"> <div  class=\"gridContainer\"> <div  class=\"features-small-icon-cards-textrow\"> <div  class=\"features-small-icon-cards-textcol dynamic-color\" data-type=\"column\"> <h2  class=\"\">Impressum<\/h2>  <\/div> <\/div> <div  class=\"features-small-icon-cards-featuresrow dark-text\" data-type=\"row\"> <div  class=\"features-small-icon-cards-featcol\"> <div  class=\"features-small-icon-cards-featinnerrow\"> <div  class=\"features-small-icon-cards-iconcol\"> <i  data-cp-fa=\"true\" class=\"font-icon-23 fa fa-info\"><\/i> <\/div> <div  class=\"features-small-icon-cards-feattextcol\" data-type=\"column\"><p  class=\"\">Alpengasthof Poserh\u00f6he\n<br >Peter Rudlof<br >Gamskarkogel 16\n<br >5640 Bad Gastein<br >\n\n<br >Telefon: +43 664 4533503\n<br >Web: http:\/\/www.poserhoehe.at\n<\/p>   <\/div> <\/div> <\/div>      <\/div> <\/div><\/div>","protected":false},"excerpt":{"rendered":"<p>In Anbetracht der Berge sind wir doch alle&nbsp; Zwerge Auf 1.502 Metern ist die Luft frisch, das Wasser klar und das Leben sch\u00f6n! \u00d6ffnungszeiten Montag: GeschlossenDienstag: GeschlossenMittwoch: GeschlossenDonnerstag: GeschlossenFreitag: 08:00 \u2013 19:00 UhrSamstag: 08:00 \u2013 19:00 UhrSonntag: 08:00 \u2013 19:00 Uhr Kulinarik auf 1.502 Metern Seeh\u00f6he Entdecken Sie kulinarische H\u00f6henfl\u00fcge auf dem Berg! Auf unserer&hellip; <br \/> <a class=\"button small blue\" href=\"https:\/\/www.poserhoehe.at\/\">Weiterlesen<\/a><\/p>\n","protected":false},"author":1,"featured_media":0,"parent":0,"menu_order":0,"comment_status":"closed","ping_status":"closed","template":"","meta":{"footnotes":""},"class_list":["post-6","page","type-page","status-publish","hentry"],"_links":{"self":[{"href":"https:\/\/www.poserhoehe.at\/index.php?rest_route=\/wp\/v2\/pages\/6","targetHints":{"allow":["GET"]}}],"collection":[{"href":"https:\/\/www.poserhoehe.at\/index.php?rest_route=\/wp\/v2\/pages"}],"about":[{"href":"https:\/\/www.poserhoehe.at\/index.php?rest_route=\/wp\/v2\/types\/page"}],"author":[{"embeddable":true,"href":"https:\/\/www.poserhoehe.at\/index.php?rest_route=\/wp\/v2\/users\/1"}],"replies":[{"embeddable":true,"href":"https:\/\/www.poserhoehe.at\/index.php?rest_route=%2Fwp%2Fv2%2Fcomments&post=6"}],"version-history":[{"count":45,"href":"https:\/\/www.poserhoehe.at\/index.php?rest_route=\/wp\/v2\/pages\/6\/revisions"}],"predecessor-version":[{"id":248,"href":"https:\/\/www.poserhoehe.at\/index.php?rest_route=\/wp\/v2\/pages\/6\/revisions\/248"}],"wp:attachment":[{"href":"https:\/\/www.poserhoehe.at\/index.php?rest_route=%2Fwp%2Fv2%2Fmedia&parent=6"}],"curies":[{"name":"wp","href":"https:\/\/api.w.org\/{rel}","templated":true}]}}